{"id":2358,"date":"2022-12-14T13:50:55","date_gmt":"2022-12-14T12:50:55","guid":{"rendered":"https:\/\/sunsun.fr\/editions\/ou-sont-les-hommes\/"},"modified":"2025-10-27T15:04:25","modified_gmt":"2025-10-27T14:04:25","slug":"ou-sont-les-hommes","status":"publish","type":"product","link":"https:\/\/sunsun.fr\/en\/editions\/ou-sont-les-hommes\/","title":{"rendered":"O\u00f9 sont les hommes ?"},"content":{"rendered":"<p><em>O\u00f9 sont les hommes.<\/em><br \/>\n<em>Aval\u00e9s par la lumi\u00e8re. Aval\u00e9s par le temps.<\/em><br \/>\n<em>Noy\u00e9s de silence.<\/em><br \/>\n<em>Tandis qu\u2019une femme attend et s\u2019arrondit derri\u00e8re l\u2019image. <\/em><br \/>\n<em>Les \u00e9t\u00e9s sont irr\u00e9m\u00e9diables.<\/em><\/p>\n<p>&nbsp;<\/p>\n<p><strong>Marie-H\u00e9l\u00e8ne Lafon<\/strong>, autrice de\u00a0<em>O\u00f9 sont les hommes ?<\/em><br \/>\nMarie-H\u00e9l\u00e8ne Lafon est n\u00e9e dans le Cantal en 1962, dans une famille de paysans. Depuis 1980 elle vit et travaille \u00e0 Paris. Elle est l&#8217;autrice de nombreux romans et nouvelles, parus notamment chez Buchet Chastel. Prix Goncourt de la nouvelle en 2016 avec\u00a0<em>Histoires<\/em>, elle re\u00e7oit le prix Renaudot 2020 pour son dernier roman\u00a0<em>Histoire du fils<\/em>.<\/p>\n","protected":false},"excerpt":{"rendered":"<p>O\u00f9 sont les hommes. Aval\u00e9s par la lumi\u00e8re. Aval\u00e9s par le temps. Noy\u00e9s de silence. Tandis qu\u2019une femme attend et s\u2019arrondit derri\u00e8re l\u2019image. Les \u00e9t\u00e9s sont irr\u00e9m\u00e9diables. &nbsp; Marie-H\u00e9l\u00e8ne Lafon, autrice de\u00a0O\u00f9 sont les hommes ? Marie-H\u00e9l\u00e8ne Lafon est n\u00e9e dans le Cantal en 1962, dans une famille de paysans. Depuis 1980 elle vit et [&hellip;]<\/p>\n","protected":false},"featured_media":2907,"template":"","meta":{"_acf_changed":false,"_exactmetrics_skip_tracking":false,"_exactmetrics_sitenote_active":false,"_exactmetrics_sitenote_note":"","_exactmetrics_sitenote_category":0},"product_cat":[97],"product_tag":[],"class_list":{"0":"post-2358","1":"product","2":"type-product","3":"status-publish","4":"has-post-thumbnail","6":"collection-collection-flechette-2-en","7":"writer-marie-helene-lafon-en","8":"product_cat-uncategorized-en","10":"first","11":"instock","12":"shipping-taxable","13":"purchasable","14":"product-type-simple"},"acf":[],"yoast_head":"<!-- This site is optimized with the Yoast SEO plugin v23.5 - https:\/\/yoast.com\/wordpress\/plugins\/seo\/ -->\n<title>O\u00f9 sont les hommes ? - sun\/sun<\/title>\n<meta name=\"robots\" content=\"index, follow, max-snippet:-1, max-image-preview:large, max-video-preview:-1\" \/>\n<link rel=\"canonical\" href=\"https:\/\/sunsun.fr\/en\/editions\/ou-sont-les-hommes\/\" \/>\n<meta property=\"og:locale\" content=\"en_US\" \/>\n<meta property=\"og:type\" content=\"article\" \/>\n<meta property=\"og:title\" content=\"O\u00f9 sont les hommes ? - sun\/sun\" \/>\n<meta property=\"og:description\" content=\"O\u00f9 sont les hommes. Aval\u00e9s par la lumi\u00e8re. Aval\u00e9s par le temps. Noy\u00e9s de silence. Tandis qu\u2019une femme attend et s\u2019arrondit derri\u00e8re l\u2019image. Les \u00e9t\u00e9s sont irr\u00e9m\u00e9diables. &nbsp; Marie-H\u00e9l\u00e8ne Lafon, autrice de\u00a0O\u00f9 sont les hommes ? Marie-H\u00e9l\u00e8ne Lafon est n\u00e9e dans le Cantal en 1962, dans une famille de paysans. Depuis 1980 elle vit et [&hellip;]\" \/>\n<meta property=\"og:url\" content=\"https:\/\/sunsun.fr\/en\/editions\/ou-sont-les-hommes\/\" \/>\n<meta property=\"og:site_name\" content=\"sun\/sun\" \/>\n<meta property=\"article:publisher\" content=\"https:\/\/www.facebook.com\/icisunsun\" \/>\n<meta property=\"article:modified_time\" content=\"2025-10-27T14:04:25+00:00\" \/>\n<meta property=\"og:image\" content=\"https:\/\/sunsun.fr\/app\/uploads\/2022\/12\/Ou-sont-les-hommes-1.jpg\" \/>\n\t<meta property=\"og:image:width\" content=\"600\" \/>\n\t<meta property=\"og:image:height\" content=\"450\" \/>\n\t<meta property=\"og:image:type\" content=\"image\/jpeg\" \/>\n<meta name=\"twitter:card\" content=\"summary_large_image\" \/>\n<meta name=\"twitter:label1\" content=\"Est. reading time\" \/>\n\t<meta name=\"twitter:data1\" content=\"1 minute\" \/>\n<script type=\"application\/ld+json\" class=\"yoast-schema-graph\">{\"@context\":\"https:\/\/schema.org\",\"@graph\":[{\"@type\":\"WebPage\",\"@id\":\"https:\/\/sunsun.fr\/en\/editions\/ou-sont-les-hommes\/\",\"url\":\"https:\/\/sunsun.fr\/en\/editions\/ou-sont-les-hommes\/\",\"name\":\"O\u00f9 sont les hommes ? - sun\/sun\",\"isPartOf\":{\"@id\":\"https:\/\/dev.webxost.com\/sunsun2\/#website\"},\"primaryImageOfPage\":{\"@id\":\"https:\/\/sunsun.fr\/en\/editions\/ou-sont-les-hommes\/#primaryimage\"},\"image\":{\"@id\":\"https:\/\/sunsun.fr\/en\/editions\/ou-sont-les-hommes\/#primaryimage\"},\"thumbnailUrl\":\"https:\/\/sunsun.fr\/app\/uploads\/2022\/12\/Ou-sont-les-hommes-1.jpg\",\"datePublished\":\"2022-12-14T12:50:55+00:00\",\"dateModified\":\"2025-10-27T14:04:25+00:00\",\"breadcrumb\":{\"@id\":\"https:\/\/sunsun.fr\/en\/editions\/ou-sont-les-hommes\/#breadcrumb\"},\"inLanguage\":\"en-US\",\"potentialAction\":[{\"@type\":\"ReadAction\",\"target\":[\"https:\/\/sunsun.fr\/en\/editions\/ou-sont-les-hommes\/\"]}]},{\"@type\":\"ImageObject\",\"inLanguage\":\"en-US\",\"@id\":\"https:\/\/sunsun.fr\/en\/editions\/ou-sont-les-hommes\/#primaryimage\",\"url\":\"https:\/\/sunsun.fr\/app\/uploads\/2022\/12\/Ou-sont-les-hommes-1.jpg\",\"contentUrl\":\"https:\/\/sunsun.fr\/app\/uploads\/2022\/12\/Ou-sont-les-hommes-1.jpg\",\"width\":600,\"height\":450},{\"@type\":\"BreadcrumbList\",\"@id\":\"https:\/\/sunsun.fr\/en\/editions\/ou-sont-les-hommes\/#breadcrumb\",\"itemListElement\":[{\"@type\":\"ListItem\",\"position\":1,\"name\":\"Home\",\"item\":\"https:\/\/sunsun.fr\/en\/\"},{\"@type\":\"ListItem\",\"position\":2,\"name\":\"\u00e9ditions\",\"item\":\"https:\/\/sunsun.fr\/en\/\"},{\"@type\":\"ListItem\",\"position\":3,\"name\":\"O\u00f9 sont les hommes ?\"}]},{\"@type\":\"WebSite\",\"@id\":\"https:\/\/dev.webxost.com\/sunsun2\/#website\",\"url\":\"https:\/\/dev.webxost.com\/sunsun2\/\",\"name\":\"sun\/sun\",\"description\":\"label de cr\u00e9ation \u00e9ditoriale\",\"potentialAction\":[{\"@type\":\"SearchAction\",\"target\":{\"@type\":\"EntryPoint\",\"urlTemplate\":\"https:\/\/dev.webxost.com\/sunsun2\/?s={search_term_string}\"},\"query-input\":{\"@type\":\"PropertyValueSpecification\",\"valueRequired\":true,\"valueName\":\"search_term_string\"}}],\"inLanguage\":\"en-US\"}]}<\/script>\n<!-- \/ Yoast SEO plugin. -->","yoast_head_json":{"title":"O\u00f9 sont les hommes ? - sun\/sun","robots":{"index":"index","follow":"follow","max-snippet":"max-snippet:-1","max-image-preview":"max-image-preview:large","max-video-preview":"max-video-preview:-1"},"canonical":"https:\/\/sunsun.fr\/en\/editions\/ou-sont-les-hommes\/","og_locale":"en_US","og_type":"article","og_title":"O\u00f9 sont les hommes ? - sun\/sun","og_description":"O\u00f9 sont les hommes. Aval\u00e9s par la lumi\u00e8re. Aval\u00e9s par le temps. Noy\u00e9s de silence. Tandis qu\u2019une femme attend et s\u2019arrondit derri\u00e8re l\u2019image. Les \u00e9t\u00e9s sont irr\u00e9m\u00e9diables. &nbsp; Marie-H\u00e9l\u00e8ne Lafon, autrice de\u00a0O\u00f9 sont les hommes ? Marie-H\u00e9l\u00e8ne Lafon est n\u00e9e dans le Cantal en 1962, dans une famille de paysans. Depuis 1980 elle vit et [&hellip;]","og_url":"https:\/\/sunsun.fr\/en\/editions\/ou-sont-les-hommes\/","og_site_name":"sun\/sun","article_publisher":"https:\/\/www.facebook.com\/icisunsun","article_modified_time":"2025-10-27T14:04:25+00:00","og_image":[{"width":600,"height":450,"url":"https:\/\/sunsun.fr\/app\/uploads\/2022\/12\/Ou-sont-les-hommes-1.jpg","type":"image\/jpeg"}],"twitter_card":"summary_large_image","twitter_misc":{"Est. reading time":"1 minute"},"schema":{"@context":"https:\/\/schema.org","@graph":[{"@type":"WebPage","@id":"https:\/\/sunsun.fr\/en\/editions\/ou-sont-les-hommes\/","url":"https:\/\/sunsun.fr\/en\/editions\/ou-sont-les-hommes\/","name":"O\u00f9 sont les hommes ? - sun\/sun","isPartOf":{"@id":"https:\/\/dev.webxost.com\/sunsun2\/#website"},"primaryImageOfPage":{"@id":"https:\/\/sunsun.fr\/en\/editions\/ou-sont-les-hommes\/#primaryimage"},"image":{"@id":"https:\/\/sunsun.fr\/en\/editions\/ou-sont-les-hommes\/#primaryimage"},"thumbnailUrl":"https:\/\/sunsun.fr\/app\/uploads\/2022\/12\/Ou-sont-les-hommes-1.jpg","datePublished":"2022-12-14T12:50:55+00:00","dateModified":"2025-10-27T14:04:25+00:00","breadcrumb":{"@id":"https:\/\/sunsun.fr\/en\/editions\/ou-sont-les-hommes\/#breadcrumb"},"inLanguage":"en-US","potentialAction":[{"@type":"ReadAction","target":["https:\/\/sunsun.fr\/en\/editions\/ou-sont-les-hommes\/"]}]},{"@type":"ImageObject","inLanguage":"en-US","@id":"https:\/\/sunsun.fr\/en\/editions\/ou-sont-les-hommes\/#primaryimage","url":"https:\/\/sunsun.fr\/app\/uploads\/2022\/12\/Ou-sont-les-hommes-1.jpg","contentUrl":"https:\/\/sunsun.fr\/app\/uploads\/2022\/12\/Ou-sont-les-hommes-1.jpg","width":600,"height":450},{"@type":"BreadcrumbList","@id":"https:\/\/sunsun.fr\/en\/editions\/ou-sont-les-hommes\/#breadcrumb","itemListElement":[{"@type":"ListItem","position":1,"name":"Home","item":"https:\/\/sunsun.fr\/en\/"},{"@type":"ListItem","position":2,"name":"\u00e9ditions","item":"https:\/\/sunsun.fr\/en\/"},{"@type":"ListItem","position":3,"name":"O\u00f9 sont les hommes ?"}]},{"@type":"WebSite","@id":"https:\/\/dev.webxost.com\/sunsun2\/#website","url":"https:\/\/dev.webxost.com\/sunsun2\/","name":"sun\/sun","description":"label de cr\u00e9ation \u00e9ditoriale","potentialAction":[{"@type":"SearchAction","target":{"@type":"EntryPoint","urlTemplate":"https:\/\/dev.webxost.com\/sunsun2\/?s={search_term_string}"},"query-input":{"@type":"PropertyValueSpecification","valueRequired":true,"valueName":"search_term_string"}}],"inLanguage":"en-US"}]}},"_links":{"self":[{"href":"https:\/\/sunsun.fr\/en\/wp-json\/wp\/v2\/product\/2358"}],"collection":[{"href":"https:\/\/sunsun.fr\/en\/wp-json\/wp\/v2\/product"}],"about":[{"href":"https:\/\/sunsun.fr\/en\/wp-json\/wp\/v2\/types\/product"}],"wp:featuredmedia":[{"embeddable":true,"href":"https:\/\/sunsun.fr\/en\/wp-json\/wp\/v2\/media\/2907"}],"wp:attachment":[{"href":"https:\/\/sunsun.fr\/en\/wp-json\/wp\/v2\/media?parent=2358"}],"wp:term":[{"taxonomy":"product_cat","embeddable":true,"href":"https:\/\/sunsun.fr\/en\/wp-json\/wp\/v2\/product_cat?post=2358"},{"taxonomy":"product_tag","embeddable":true,"href":"https:\/\/sunsun.fr\/en\/wp-json\/wp\/v2\/product_tag?post=2358"}],"curies":[{"name":"wp","href":"https:\/\/api.w.org\/{rel}","templated":true}]}}