{"id":2362,"date":"2021-05-26T01:00:37","date_gmt":"2021-05-25T23:00:37","guid":{"rendered":"https:\/\/sunsun.fr\/editions\/becoming-black\/"},"modified":"2025-10-28T13:57:52","modified_gmt":"2025-10-28T12:57:52","slug":"devenir-noir","status":"publish","type":"product","link":"https:\/\/sunsun.fr\/en\/editions\/devenir-noir\/","title":{"rendered":"becoming black"},"content":{"rendered":"<p style=\"font-weight: 400;\">O\u00f9 l\u2019histoire d\u2019un homme dont les vingt-six tatouages vont r\u00e9v\u00e9ler deux histoires\u00a0imbriqu\u00e9es l\u2019une dans l\u2019autre. Et d\u00e9clencher une d\u00e9cision irr\u00e9vocable.\u00a0<em>Devenir noir<\/em>\u00a0est le nouvel objet convergent de Donatien Garnier, con\u00e7u avec le graphiste Franck Tallon. Entre album de tatouages en pr\u00eat-\u00e0-porter et r\u00e9cit \u00e0 double sens, le livre s\u2019\u00e9dite et s\u2019exporte virtuellement sur le corps de ses lecteurs tandis que le corps de l\u2019auteur s\u2019invite dans les mensurations du livre.<\/p>\n<div class=\"page\" title=\"Page 1\">\n<div class=\"section\">\n<div class=\"layoutArea\">\n<div class=\"column\">\n<p><strong>D\u00e9fi graphique et typographique<\/strong><br \/>\nDe taille rigoureusement identique, <em>Devenir noir<\/em> et <em>Noir devenir,<\/em> sont conc\u0327us pour e\u0302tre imprime\u0301s l\u2019un dans l\u2019autre (l\u2019un dans les interlignes de l\u2019autre), te\u0302te be\u0302che. Chaque double-page contient ainsi deux e\u0301pisodes imbrique\u0301s fonctionnant comme deux brins d\u2019ADN qui encoderaient le poe\u0300me-tatouage inse\u0301re\u0301 entre eux.<\/p>\n<div class=\"page\" title=\"Page 1\">\n<div class=\"section\">\n<div class=\"layoutArea\">\n<div class=\"column\">\n<p><strong>Traite n\u00e9gri\u00e8re et capitalisme<\/strong><br \/>\nParti d\u2019une me\u0301ditation sur le tatouage et le corps-livre, <em>Devenir noir<\/em> s\u2019est progressivement ramifie\u0301 en une double re\u0301flexion critique : sur le ro\u0302le de l\u2019esclavage dans l\u2019e\u0301mergence du capitalisme contemporain et sur la capacite\u0301 de la photographie a\u0300 rendre compte des soubassements ide\u0301ologiques de la socie\u0301te\u0301.<\/p>\n<\/div>\n<\/div>\n<\/div>\n<\/div>\n<\/div>\n<\/div>\n<\/div>\n<\/div>\n","protected":false},"excerpt":{"rendered":"<p>O\u00f9 l\u2019histoire d\u2019un homme dont les vingt-six tatouages vont r\u00e9v\u00e9ler deux histoires\u00a0imbriqu\u00e9es l\u2019une dans l\u2019autre. Et d\u00e9clencher une d\u00e9cision irr\u00e9vocable.\u00a0Devenir noir\u00a0est le nouvel objet convergent de Donatien Garnier, con\u00e7u avec le graphiste Franck Tallon. Entre album de tatouages en pr\u00eat-\u00e0-porter et r\u00e9cit \u00e0 double sens, le livre s\u2019\u00e9dite et s\u2019exporte virtuellement sur le corps de [&hellip;]<\/p>\n","protected":false},"featured_media":2913,"template":"","meta":{"_acf_changed":false,"_exactmetrics_skip_tracking":false,"_exactmetrics_sitenote_active":false,"_exactmetrics_sitenote_note":"","_exactmetrics_sitenote_category":0},"product_cat":[97],"product_tag":[],"class_list":{"0":"post-2362","1":"product","2":"type-product","3":"status-publish","4":"has-post-thumbnail","6":"collection-graphic-object","7":"writer-donatien-garnier-en","8":"product_cat-uncategorized-en","10":"first","11":"instock","12":"shipping-taxable","13":"purchasable","14":"product-type-simple"},"acf":[],"yoast_head":"<!-- This site is optimized with the Yoast SEO plugin v23.5 - https:\/\/yoast.com\/wordpress\/plugins\/seo\/ -->\n<title>becoming black - sun\/sun<\/title>\n<meta name=\"robots\" content=\"index, follow, max-snippet:-1, max-image-preview:large, max-video-preview:-1\" \/>\n<link rel=\"canonical\" href=\"https:\/\/sunsun.fr\/en\/editions\/devenir-noir\/\" \/>\n<meta property=\"og:locale\" content=\"en_US\" \/>\n<meta property=\"og:type\" content=\"article\" \/>\n<meta property=\"og:title\" content=\"becoming black - sun\/sun\" \/>\n<meta property=\"og:description\" content=\"O\u00f9 l\u2019histoire d\u2019un homme dont les vingt-six tatouages vont r\u00e9v\u00e9ler deux histoires\u00a0imbriqu\u00e9es l\u2019une dans l\u2019autre. Et d\u00e9clencher une d\u00e9cision irr\u00e9vocable.\u00a0Devenir noir\u00a0est le nouvel objet convergent de Donatien Garnier, con\u00e7u avec le graphiste Franck Tallon. Entre album de tatouages en pr\u00eat-\u00e0-porter et r\u00e9cit \u00e0 double sens, le livre s\u2019\u00e9dite et s\u2019exporte virtuellement sur le corps de [&hellip;]\" \/>\n<meta property=\"og:url\" content=\"https:\/\/sunsun.fr\/en\/editions\/devenir-noir\/\" \/>\n<meta property=\"og:site_name\" content=\"sun\/sun\" \/>\n<meta property=\"article:publisher\" content=\"https:\/\/www.facebook.com\/icisunsun\" \/>\n<meta property=\"article:modified_time\" content=\"2025-10-28T12:57:52+00:00\" \/>\n<meta property=\"og:image\" content=\"https:\/\/sunsun.fr\/app\/uploads\/2021\/05\/Devenir_noir.jpg\" \/>\n\t<meta property=\"og:image:width\" content=\"600\" \/>\n\t<meta property=\"og:image:height\" content=\"450\" \/>\n\t<meta property=\"og:image:type\" content=\"image\/jpeg\" \/>\n<meta name=\"twitter:card\" content=\"summary_large_image\" \/>\n<meta name=\"twitter:label1\" content=\"Est. reading time\" \/>\n\t<meta name=\"twitter:data1\" content=\"2 minutes\" \/>\n<script type=\"application\/ld+json\" class=\"yoast-schema-graph\">{\"@context\":\"https:\/\/schema.org\",\"@graph\":[{\"@type\":\"WebPage\",\"@id\":\"https:\/\/sunsun.fr\/en\/editions\/devenir-noir\/\",\"url\":\"https:\/\/sunsun.fr\/en\/editions\/devenir-noir\/\",\"name\":\"becoming black - sun\/sun\",\"isPartOf\":{\"@id\":\"https:\/\/dev.webxost.com\/sunsun2\/#website\"},\"primaryImageOfPage\":{\"@id\":\"https:\/\/sunsun.fr\/en\/editions\/devenir-noir\/#primaryimage\"},\"image\":{\"@id\":\"https:\/\/sunsun.fr\/en\/editions\/devenir-noir\/#primaryimage\"},\"thumbnailUrl\":\"https:\/\/sunsun.fr\/app\/uploads\/2021\/05\/Devenir_noir.jpg\",\"datePublished\":\"2021-05-25T23:00:37+00:00\",\"dateModified\":\"2025-10-28T12:57:52+00:00\",\"breadcrumb\":{\"@id\":\"https:\/\/sunsun.fr\/en\/editions\/devenir-noir\/#breadcrumb\"},\"inLanguage\":\"en-US\",\"potentialAction\":[{\"@type\":\"ReadAction\",\"target\":[\"https:\/\/sunsun.fr\/en\/editions\/devenir-noir\/\"]}]},{\"@type\":\"ImageObject\",\"inLanguage\":\"en-US\",\"@id\":\"https:\/\/sunsun.fr\/en\/editions\/devenir-noir\/#primaryimage\",\"url\":\"https:\/\/sunsun.fr\/app\/uploads\/2021\/05\/Devenir_noir.jpg\",\"contentUrl\":\"https:\/\/sunsun.fr\/app\/uploads\/2021\/05\/Devenir_noir.jpg\",\"width\":600,\"height\":450},{\"@type\":\"BreadcrumbList\",\"@id\":\"https:\/\/sunsun.fr\/en\/editions\/devenir-noir\/#breadcrumb\",\"itemListElement\":[{\"@type\":\"ListItem\",\"position\":1,\"name\":\"Home\",\"item\":\"https:\/\/sunsun.fr\/en\/\"},{\"@type\":\"ListItem\",\"position\":2,\"name\":\"\u00e9ditions\",\"item\":\"https:\/\/sunsun.fr\/en\/\"},{\"@type\":\"ListItem\",\"position\":3,\"name\":\"becoming black\"}]},{\"@type\":\"WebSite\",\"@id\":\"https:\/\/dev.webxost.com\/sunsun2\/#website\",\"url\":\"https:\/\/dev.webxost.com\/sunsun2\/\",\"name\":\"sun\/sun\",\"description\":\"label de cr\u00e9ation \u00e9ditoriale\",\"potentialAction\":[{\"@type\":\"SearchAction\",\"target\":{\"@type\":\"EntryPoint\",\"urlTemplate\":\"https:\/\/dev.webxost.com\/sunsun2\/?s={search_term_string}\"},\"query-input\":{\"@type\":\"PropertyValueSpecification\",\"valueRequired\":true,\"valueName\":\"search_term_string\"}}],\"inLanguage\":\"en-US\"}]}<\/script>\n<!-- \/ Yoast SEO plugin. -->","yoast_head_json":{"title":"becoming black - sun\/sun","robots":{"index":"index","follow":"follow","max-snippet":"max-snippet:-1","max-image-preview":"max-image-preview:large","max-video-preview":"max-video-preview:-1"},"canonical":"https:\/\/sunsun.fr\/en\/editions\/devenir-noir\/","og_locale":"en_US","og_type":"article","og_title":"becoming black - sun\/sun","og_description":"O\u00f9 l\u2019histoire d\u2019un homme dont les vingt-six tatouages vont r\u00e9v\u00e9ler deux histoires\u00a0imbriqu\u00e9es l\u2019une dans l\u2019autre. Et d\u00e9clencher une d\u00e9cision irr\u00e9vocable.\u00a0Devenir noir\u00a0est le nouvel objet convergent de Donatien Garnier, con\u00e7u avec le graphiste Franck Tallon. Entre album de tatouages en pr\u00eat-\u00e0-porter et r\u00e9cit \u00e0 double sens, le livre s\u2019\u00e9dite et s\u2019exporte virtuellement sur le corps de [&hellip;]","og_url":"https:\/\/sunsun.fr\/en\/editions\/devenir-noir\/","og_site_name":"sun\/sun","article_publisher":"https:\/\/www.facebook.com\/icisunsun","article_modified_time":"2025-10-28T12:57:52+00:00","og_image":[{"width":600,"height":450,"url":"https:\/\/sunsun.fr\/app\/uploads\/2021\/05\/Devenir_noir.jpg","type":"image\/jpeg"}],"twitter_card":"summary_large_image","twitter_misc":{"Est. reading time":"2 minutes"},"schema":{"@context":"https:\/\/schema.org","@graph":[{"@type":"WebPage","@id":"https:\/\/sunsun.fr\/en\/editions\/devenir-noir\/","url":"https:\/\/sunsun.fr\/en\/editions\/devenir-noir\/","name":"becoming black - sun\/sun","isPartOf":{"@id":"https:\/\/dev.webxost.com\/sunsun2\/#website"},"primaryImageOfPage":{"@id":"https:\/\/sunsun.fr\/en\/editions\/devenir-noir\/#primaryimage"},"image":{"@id":"https:\/\/sunsun.fr\/en\/editions\/devenir-noir\/#primaryimage"},"thumbnailUrl":"https:\/\/sunsun.fr\/app\/uploads\/2021\/05\/Devenir_noir.jpg","datePublished":"2021-05-25T23:00:37+00:00","dateModified":"2025-10-28T12:57:52+00:00","breadcrumb":{"@id":"https:\/\/sunsun.fr\/en\/editions\/devenir-noir\/#breadcrumb"},"inLanguage":"en-US","potentialAction":[{"@type":"ReadAction","target":["https:\/\/sunsun.fr\/en\/editions\/devenir-noir\/"]}]},{"@type":"ImageObject","inLanguage":"en-US","@id":"https:\/\/sunsun.fr\/en\/editions\/devenir-noir\/#primaryimage","url":"https:\/\/sunsun.fr\/app\/uploads\/2021\/05\/Devenir_noir.jpg","contentUrl":"https:\/\/sunsun.fr\/app\/uploads\/2021\/05\/Devenir_noir.jpg","width":600,"height":450},{"@type":"BreadcrumbList","@id":"https:\/\/sunsun.fr\/en\/editions\/devenir-noir\/#breadcrumb","itemListElement":[{"@type":"ListItem","position":1,"name":"Home","item":"https:\/\/sunsun.fr\/en\/"},{"@type":"ListItem","position":2,"name":"\u00e9ditions","item":"https:\/\/sunsun.fr\/en\/"},{"@type":"ListItem","position":3,"name":"becoming black"}]},{"@type":"WebSite","@id":"https:\/\/dev.webxost.com\/sunsun2\/#website","url":"https:\/\/dev.webxost.com\/sunsun2\/","name":"sun\/sun","description":"label de cr\u00e9ation \u00e9ditoriale","potentialAction":[{"@type":"SearchAction","target":{"@type":"EntryPoint","urlTemplate":"https:\/\/dev.webxost.com\/sunsun2\/?s={search_term_string}"},"query-input":{"@type":"PropertyValueSpecification","valueRequired":true,"valueName":"search_term_string"}}],"inLanguage":"en-US"}]}},"_links":{"self":[{"href":"https:\/\/sunsun.fr\/en\/wp-json\/wp\/v2\/product\/2362"}],"collection":[{"href":"https:\/\/sunsun.fr\/en\/wp-json\/wp\/v2\/product"}],"about":[{"href":"https:\/\/sunsun.fr\/en\/wp-json\/wp\/v2\/types\/product"}],"wp:featuredmedia":[{"embeddable":true,"href":"https:\/\/sunsun.fr\/en\/wp-json\/wp\/v2\/media\/2913"}],"wp:attachment":[{"href":"https:\/\/sunsun.fr\/en\/wp-json\/wp\/v2\/media?parent=2362"}],"wp:term":[{"taxonomy":"product_cat","embeddable":true,"href":"https:\/\/sunsun.fr\/en\/wp-json\/wp\/v2\/product_cat?post=2362"},{"taxonomy":"product_tag","embeddable":true,"href":"https:\/\/sunsun.fr\/en\/wp-json\/wp\/v2\/product_tag?post=2362"}],"curies":[{"name":"wp","href":"https:\/\/api.w.org\/{rel}","templated":true}]}}