{"id":2387,"date":"2022-12-14T13:34:25","date_gmt":"2022-12-14T12:34:25","guid":{"rendered":"https:\/\/sunsun.fr\/editions\/le-dos-de-lhistoire\/"},"modified":"2025-11-02T10:30:13","modified_gmt":"2025-11-02T09:30:13","slug":"le-dos-de-lhistoire","status":"publish","type":"product","link":"https:\/\/sunsun.fr\/en\/editions\/le-dos-de-lhistoire\/","title":{"rendered":"Le dos de l&#8217;histoire"},"content":{"rendered":"<p>Plonger dans l\u2019image du dos d\u2019un homme anonyme sur lequel a \u00e9t\u00e9 tatou\u00e9 un ensemble de signes, s\u2019y aventurer pour tenter de saisir un peu de ce que fut ce d\u00e9but de XXe si\u00e8cle, voyager gr\u00e2ce \u00e0 cette \u00ab cicatrice parlante \u00bb au quatre coins du monde, rencontrer et donner \u00e0 voir un peuple rest\u00e9 invisible \u00e0 nos yeux depuis en mobilisant des autochromes conserv\u00e9s dans les archives de la plan\u00e8te d\u2019Albert-Kahn.<\/p>\n<p>4\u00e8me de couverture<em><br \/>\n<\/em><em>Je suis au milieu. Je suis au milieu d\u2019histoires. Elles m\u2019encerclent les histoires ; elles me cernent, elles m\u2019\u00e9touffent. Car les images, croyez-moi, \u00e7a fait des histoires. Il ne faut pas croire ceux qui affirment sur un ton p\u00e9remptoire : \u00ab sage comme une image \u00bb. Les images ne sont pas sages, elles sont au contraire tr\u00e8s agit\u00e9es, anim\u00e9es, devrais-je dire. On ne peut pas les ranger comme \u00e7a dans une bo\u00eete ; il faut s\u2019en d\u00e9brouiller. Et moi, je dois faire avec elles. Il faudra bien qu\u2019elles s\u2019entendent, qu\u2019elles acceptent que je les classe, que je les ordonne, que je les d\u00e9crive, que je les traduise en mots.<\/em><\/p>\n<p><strong>Philippe Arti\u00e8res<\/strong>, auteur\u00a0du\u00a0<em>Dos de l&#8217;histoire<\/em><br \/>\nHistorien, directeur de recherches au CNRS au sein de l\u2019Institut de recherche interdisciplinaire sur les enjeux sociaux de l\u2019EHESS, Philippe Arti\u00e8res travaille sur les \u00e9critures ordinaires aux XIX<sup>e<\/sup>\u00a0et XX<sup>e<\/sup>\u00a0si\u00e8cles\u00a0; il d\u00e9veloppe des recherches sur les \u00ab\u00a0archives mineures\u00a0\u00bb, tentant de contribuer \u00e0 une histoire du sujet en Occident. La question de l\u2019\u00e9criture de l\u2019histoire anime son travail, l\u2019amenant \u00e0 exp\u00e9rimenter des formes de narration alternatives\u00a0: montages, expositions, fictions d\u2019archives.<br \/>\nIl a notamment publi\u00e9\u00a0: <em>Vie et mort de Paul G\u00e9ny<\/em> (Seuil, 2013), <em>R\u00eave d\u2019histoire<\/em> (Verticales, 2014), <em>Le Dossier sauvage<\/em> (Verticales, 2019), <em>Histoire(s) de Ren\u00e9 L.<\/em> (Manuella Ed., 2022).<\/p>\n","protected":false},"excerpt":{"rendered":"<p>Plonger dans l\u2019image du dos d\u2019un homme anonyme sur lequel a \u00e9t\u00e9 tatou\u00e9 un ensemble de signes, s\u2019y aventurer pour tenter de saisir un peu de ce que fut ce d\u00e9but de XXe si\u00e8cle, voyager gr\u00e2ce \u00e0 cette \u00ab cicatrice parlante \u00bb au quatre coins du monde, rencontrer et donner \u00e0 voir un peuple rest\u00e9 [&hellip;]<\/p>\n","protected":false},"featured_media":2911,"template":"","meta":{"_acf_changed":false,"_exactmetrics_skip_tracking":false,"_exactmetrics_sitenote_active":false,"_exactmetrics_sitenote_note":"","_exactmetrics_sitenote_category":0},"product_cat":[97],"product_tag":[],"class_list":{"0":"post-2387","1":"product","2":"type-product","3":"status-publish","4":"has-post-thumbnail","6":"collection-collection-flechette-2-en","7":"writer-philippe-artieres-en","8":"product_cat-uncategorized-en","10":"first","11":"instock","12":"shipping-taxable","13":"purchasable","14":"product-type-simple"},"acf":[],"yoast_head":"<!-- This site is optimized with the Yoast SEO plugin v23.5 - https:\/\/yoast.com\/wordpress\/plugins\/seo\/ -->\n<title>Le dos de l&#039;histoire - sun\/sun<\/title>\n<meta name=\"robots\" content=\"index, follow, max-snippet:-1, max-image-preview:large, max-video-preview:-1\" \/>\n<link rel=\"canonical\" href=\"https:\/\/sunsun.fr\/en\/editions\/le-dos-de-lhistoire\/\" \/>\n<meta property=\"og:locale\" content=\"en_US\" \/>\n<meta property=\"og:type\" content=\"article\" \/>\n<meta property=\"og:title\" content=\"Le dos de l&#039;histoire - sun\/sun\" \/>\n<meta property=\"og:description\" content=\"Plonger dans l\u2019image du dos d\u2019un homme anonyme sur lequel a \u00e9t\u00e9 tatou\u00e9 un ensemble de signes, s\u2019y aventurer pour tenter de saisir un peu de ce que fut ce d\u00e9but de XXe si\u00e8cle, voyager gr\u00e2ce \u00e0 cette \u00ab cicatrice parlante \u00bb au quatre coins du monde, rencontrer et donner \u00e0 voir un peuple rest\u00e9 [&hellip;]\" \/>\n<meta property=\"og:url\" content=\"https:\/\/sunsun.fr\/en\/editions\/le-dos-de-lhistoire\/\" \/>\n<meta property=\"og:site_name\" content=\"sun\/sun\" \/>\n<meta property=\"article:publisher\" content=\"https:\/\/www.facebook.com\/icisunsun\" \/>\n<meta property=\"article:modified_time\" content=\"2025-11-02T09:30:13+00:00\" \/>\n<meta property=\"og:image\" content=\"https:\/\/sunsun.fr\/app\/uploads\/2022\/12\/FL_le-dos.jpg\" \/>\n\t<meta property=\"og:image:width\" content=\"600\" \/>\n\t<meta property=\"og:image:height\" content=\"450\" \/>\n\t<meta property=\"og:image:type\" content=\"image\/jpeg\" \/>\n<meta name=\"twitter:card\" content=\"summary_large_image\" \/>\n<meta name=\"twitter:label1\" content=\"Est. reading time\" \/>\n\t<meta name=\"twitter:data1\" content=\"2 minutes\" \/>\n<script type=\"application\/ld+json\" class=\"yoast-schema-graph\">{\"@context\":\"https:\/\/schema.org\",\"@graph\":[{\"@type\":\"WebPage\",\"@id\":\"https:\/\/sunsun.fr\/en\/editions\/le-dos-de-lhistoire\/\",\"url\":\"https:\/\/sunsun.fr\/en\/editions\/le-dos-de-lhistoire\/\",\"name\":\"Le dos de l'histoire - sun\/sun\",\"isPartOf\":{\"@id\":\"https:\/\/dev.webxost.com\/sunsun2\/#website\"},\"primaryImageOfPage\":{\"@id\":\"https:\/\/sunsun.fr\/en\/editions\/le-dos-de-lhistoire\/#primaryimage\"},\"image\":{\"@id\":\"https:\/\/sunsun.fr\/en\/editions\/le-dos-de-lhistoire\/#primaryimage\"},\"thumbnailUrl\":\"https:\/\/sunsun.fr\/app\/uploads\/2022\/12\/FL_le-dos.jpg\",\"datePublished\":\"2022-12-14T12:34:25+00:00\",\"dateModified\":\"2025-11-02T09:30:13+00:00\",\"breadcrumb\":{\"@id\":\"https:\/\/sunsun.fr\/en\/editions\/le-dos-de-lhistoire\/#breadcrumb\"},\"inLanguage\":\"en-US\",\"potentialAction\":[{\"@type\":\"ReadAction\",\"target\":[\"https:\/\/sunsun.fr\/en\/editions\/le-dos-de-lhistoire\/\"]}]},{\"@type\":\"ImageObject\",\"inLanguage\":\"en-US\",\"@id\":\"https:\/\/sunsun.fr\/en\/editions\/le-dos-de-lhistoire\/#primaryimage\",\"url\":\"https:\/\/sunsun.fr\/app\/uploads\/2022\/12\/FL_le-dos.jpg\",\"contentUrl\":\"https:\/\/sunsun.fr\/app\/uploads\/2022\/12\/FL_le-dos.jpg\",\"width\":600,\"height\":450},{\"@type\":\"BreadcrumbList\",\"@id\":\"https:\/\/sunsun.fr\/en\/editions\/le-dos-de-lhistoire\/#breadcrumb\",\"itemListElement\":[{\"@type\":\"ListItem\",\"position\":1,\"name\":\"Home\",\"item\":\"https:\/\/sunsun.fr\/en\/\"},{\"@type\":\"ListItem\",\"position\":2,\"name\":\"\u00e9ditions\",\"item\":\"https:\/\/sunsun.fr\/en\/\"},{\"@type\":\"ListItem\",\"position\":3,\"name\":\"Le dos de l&#8217;histoire\"}]},{\"@type\":\"WebSite\",\"@id\":\"https:\/\/dev.webxost.com\/sunsun2\/#website\",\"url\":\"https:\/\/dev.webxost.com\/sunsun2\/\",\"name\":\"sun\/sun\",\"description\":\"label de cr\u00e9ation \u00e9ditoriale\",\"potentialAction\":[{\"@type\":\"SearchAction\",\"target\":{\"@type\":\"EntryPoint\",\"urlTemplate\":\"https:\/\/dev.webxost.com\/sunsun2\/?s={search_term_string}\"},\"query-input\":{\"@type\":\"PropertyValueSpecification\",\"valueRequired\":true,\"valueName\":\"search_term_string\"}}],\"inLanguage\":\"en-US\"}]}<\/script>\n<!-- \/ Yoast SEO plugin. -->","yoast_head_json":{"title":"Le dos de l'histoire - sun\/sun","robots":{"index":"index","follow":"follow","max-snippet":"max-snippet:-1","max-image-preview":"max-image-preview:large","max-video-preview":"max-video-preview:-1"},"canonical":"https:\/\/sunsun.fr\/en\/editions\/le-dos-de-lhistoire\/","og_locale":"en_US","og_type":"article","og_title":"Le dos de l'histoire - sun\/sun","og_description":"Plonger dans l\u2019image du dos d\u2019un homme anonyme sur lequel a \u00e9t\u00e9 tatou\u00e9 un ensemble de signes, s\u2019y aventurer pour tenter de saisir un peu de ce que fut ce d\u00e9but de XXe si\u00e8cle, voyager gr\u00e2ce \u00e0 cette \u00ab cicatrice parlante \u00bb au quatre coins du monde, rencontrer et donner \u00e0 voir un peuple rest\u00e9 [&hellip;]","og_url":"https:\/\/sunsun.fr\/en\/editions\/le-dos-de-lhistoire\/","og_site_name":"sun\/sun","article_publisher":"https:\/\/www.facebook.com\/icisunsun","article_modified_time":"2025-11-02T09:30:13+00:00","og_image":[{"width":600,"height":450,"url":"https:\/\/sunsun.fr\/app\/uploads\/2022\/12\/FL_le-dos.jpg","type":"image\/jpeg"}],"twitter_card":"summary_large_image","twitter_misc":{"Est. reading time":"2 minutes"},"schema":{"@context":"https:\/\/schema.org","@graph":[{"@type":"WebPage","@id":"https:\/\/sunsun.fr\/en\/editions\/le-dos-de-lhistoire\/","url":"https:\/\/sunsun.fr\/en\/editions\/le-dos-de-lhistoire\/","name":"Le dos de l'histoire - sun\/sun","isPartOf":{"@id":"https:\/\/dev.webxost.com\/sunsun2\/#website"},"primaryImageOfPage":{"@id":"https:\/\/sunsun.fr\/en\/editions\/le-dos-de-lhistoire\/#primaryimage"},"image":{"@id":"https:\/\/sunsun.fr\/en\/editions\/le-dos-de-lhistoire\/#primaryimage"},"thumbnailUrl":"https:\/\/sunsun.fr\/app\/uploads\/2022\/12\/FL_le-dos.jpg","datePublished":"2022-12-14T12:34:25+00:00","dateModified":"2025-11-02T09:30:13+00:00","breadcrumb":{"@id":"https:\/\/sunsun.fr\/en\/editions\/le-dos-de-lhistoire\/#breadcrumb"},"inLanguage":"en-US","potentialAction":[{"@type":"ReadAction","target":["https:\/\/sunsun.fr\/en\/editions\/le-dos-de-lhistoire\/"]}]},{"@type":"ImageObject","inLanguage":"en-US","@id":"https:\/\/sunsun.fr\/en\/editions\/le-dos-de-lhistoire\/#primaryimage","url":"https:\/\/sunsun.fr\/app\/uploads\/2022\/12\/FL_le-dos.jpg","contentUrl":"https:\/\/sunsun.fr\/app\/uploads\/2022\/12\/FL_le-dos.jpg","width":600,"height":450},{"@type":"BreadcrumbList","@id":"https:\/\/sunsun.fr\/en\/editions\/le-dos-de-lhistoire\/#breadcrumb","itemListElement":[{"@type":"ListItem","position":1,"name":"Home","item":"https:\/\/sunsun.fr\/en\/"},{"@type":"ListItem","position":2,"name":"\u00e9ditions","item":"https:\/\/sunsun.fr\/en\/"},{"@type":"ListItem","position":3,"name":"Le dos de l&#8217;histoire"}]},{"@type":"WebSite","@id":"https:\/\/dev.webxost.com\/sunsun2\/#website","url":"https:\/\/dev.webxost.com\/sunsun2\/","name":"sun\/sun","description":"label de cr\u00e9ation \u00e9ditoriale","potentialAction":[{"@type":"SearchAction","target":{"@type":"EntryPoint","urlTemplate":"https:\/\/dev.webxost.com\/sunsun2\/?s={search_term_string}"},"query-input":{"@type":"PropertyValueSpecification","valueRequired":true,"valueName":"search_term_string"}}],"inLanguage":"en-US"}]}},"_links":{"self":[{"href":"https:\/\/sunsun.fr\/en\/wp-json\/wp\/v2\/product\/2387"}],"collection":[{"href":"https:\/\/sunsun.fr\/en\/wp-json\/wp\/v2\/product"}],"about":[{"href":"https:\/\/sunsun.fr\/en\/wp-json\/wp\/v2\/types\/product"}],"wp:featuredmedia":[{"embeddable":true,"href":"https:\/\/sunsun.fr\/en\/wp-json\/wp\/v2\/media\/2911"}],"wp:attachment":[{"href":"https:\/\/sunsun.fr\/en\/wp-json\/wp\/v2\/media?parent=2387"}],"wp:term":[{"taxonomy":"product_cat","embeddable":true,"href":"https:\/\/sunsun.fr\/en\/wp-json\/wp\/v2\/product_cat?post=2387"},{"taxonomy":"product_tag","embeddable":true,"href":"https:\/\/sunsun.fr\/en\/wp-json\/wp\/v2\/product_tag?post=2387"}],"curies":[{"name":"wp","href":"https:\/\/api.w.org\/{rel}","templated":true}]}}