{"id":2532,"date":"2024-02-02T13:36:13","date_gmt":"2024-02-02T12:36:13","guid":{"rendered":"https:\/\/sunsun.fr\/?post_type=product&#038;p=2532"},"modified":"2025-03-19T03:45:43","modified_gmt":"2025-03-19T02:45:43","slug":"les-colonnes-de-san-lorenzo","status":"publish","type":"product","link":"https:\/\/sunsun.fr\/en\/editions\/les-colonnes-de-san-lorenzo\/","title":{"rendered":"Les colonnes de San Lorenzo"},"content":{"rendered":"<p>\u201c Au moment de se re\u0301veiller \u2013 on dit parfois : retrouver ses esprits \u2013 tout lui e\u0301tait revenu d\u2019un coup, les pas perdus de ces anne\u0301es passe\u0301es, la volonte\u0301 d\u2019en ralentir l\u2019oubli, le gou\u0302t pour les traces qui s\u2019estompent.<br \/>\nIl s\u2019e\u0301tait glisse\u0301 dans l\u2019entreba\u0302illement des colonnes de San Lorenzo et s\u2019y installait, tranquille. C\u2019est tou- jours beau de re\u0302ver d\u2019un passe\u0301 retrouve\u0301, cela peut me\u0302me e\u0302tre somptueux. Mais cette beaute\u0301 est-elle historienne, et n\u2019y a-t-il pas un coup de force a\u0300 vouloir s\u2019autoriser, et tirer be\u0301ne\u0301fice, de l\u2019e\u0301motion d\u2019apparte- nance qui consiste justement a\u0300 s\u2019y retrouver ? \u201d<\/p>\n<p>Image \u25aa Milan, Italie, Une rue dans le centre de Milan, 1913 (A. L\u00e9on, autochrome, A2502), Collections du mus\u00e9e d\u00e9partemental Albert-Kahn. Avec son aimable autorisation de reproduction.<\/p>\n<p>Fl\u00e9chette est une collection de livres o\u00f9 dialoguent les images des Archives de la Plan\u00e8te (1909-1931) avec des textes d\u2019autrices et d\u2019auteurs contemporain.e.s. Textes documentaires, po\u00e9tiques, ou essais, chaque livre est compos\u00e9 par une autrice ou un auteur, invit\u00e9.e \u00e0 se saisir d\u2019une seule image (autochrome et\/ou film) \u00e0 partir de laquelle elle\/il \u00e9crit.<\/p>\n<p><strong>Une actualisation et une r\u00e9actualisation cent ans plus tard de la question de la disparition des mondes.<\/strong><\/p>\n<p>Chacun des ouvrages comporte en ouverture une reproduction de l\u2019autochrome choisie ins\u00e9r\u00e9e en premi\u00e8re page.<\/p>\n","protected":false},"excerpt":{"rendered":"<p>\u201c Au moment de se re\u0301veiller \u2013 on dit parfois : retrouver ses esprits \u2013 tout lui e\u0301tait revenu d\u2019un coup, les pas perdus de ces anne\u0301es passe\u0301es, la volonte\u0301 d\u2019en ralentir l\u2019oubli, le gou\u0302t pour les traces qui s\u2019estompent. Il s\u2019e\u0301tait glisse\u0301 dans l\u2019entreba\u0302illement des colonnes de San Lorenzo et s\u2019y installait, tranquille. C\u2019est [&hellip;]<\/p>\n","protected":false},"featured_media":2890,"template":"","meta":{"_acf_changed":false,"_exactmetrics_skip_tracking":false,"_exactmetrics_sitenote_active":false,"_exactmetrics_sitenote_note":"","_exactmetrics_sitenote_category":0},"product_cat":[97],"product_tag":[],"class_list":{"0":"post-2532","1":"product","2":"type-product","3":"status-publish","4":"has-post-thumbnail","6":"collection-collection-flechette-2-en","7":"writer-patrick-boucheron-en","8":"product_cat-uncategorized-en","10":"first","11":"instock","12":"shipping-taxable","13":"purchasable","14":"product-type-simple"},"acf":[],"yoast_head":"<!-- This site is optimized with the Yoast SEO plugin v23.5 - https:\/\/yoast.com\/wordpress\/plugins\/seo\/ -->\n<title>Les colonnes de San Lorenzo - sun\/sun<\/title>\n<meta name=\"robots\" content=\"index, follow, max-snippet:-1, max-image-preview:large, max-video-preview:-1\" \/>\n<link rel=\"canonical\" href=\"https:\/\/sunsun.fr\/en\/editions\/les-colonnes-de-san-lorenzo\/\" \/>\n<meta property=\"og:locale\" content=\"en_US\" \/>\n<meta property=\"og:type\" content=\"article\" \/>\n<meta property=\"og:title\" content=\"Les colonnes de San Lorenzo - sun\/sun\" \/>\n<meta property=\"og:description\" content=\"\u201c Au moment de se re\u0301veiller \u2013 on dit parfois : retrouver ses esprits \u2013 tout lui e\u0301tait revenu d\u2019un coup, les pas perdus de ces anne\u0301es passe\u0301es, la volonte\u0301 d\u2019en ralentir l\u2019oubli, le gou\u0302t pour les traces qui s\u2019estompent. Il s\u2019e\u0301tait glisse\u0301 dans l\u2019entreba\u0302illement des colonnes de San Lorenzo et s\u2019y installait, tranquille. C\u2019est [&hellip;]\" \/>\n<meta property=\"og:url\" content=\"https:\/\/sunsun.fr\/en\/editions\/les-colonnes-de-san-lorenzo\/\" \/>\n<meta property=\"og:site_name\" content=\"sun\/sun\" \/>\n<meta property=\"article:publisher\" content=\"https:\/\/www.facebook.com\/icisunsun\" \/>\n<meta property=\"article:modified_time\" content=\"2025-03-19T02:45:43+00:00\" \/>\n<meta property=\"og:image\" content=\"https:\/\/sunsun.fr\/app\/uploads\/2024\/02\/Capture-decran-2023-10-31-a-09.04.07.png\" \/>\n\t<meta property=\"og:image:width\" content=\"1094\" \/>\n\t<meta property=\"og:image:height\" content=\"778\" \/>\n\t<meta property=\"og:image:type\" content=\"image\/png\" \/>\n<meta name=\"twitter:card\" content=\"summary_large_image\" \/>\n<meta name=\"twitter:label1\" content=\"Est. reading time\" \/>\n\t<meta name=\"twitter:data1\" content=\"2 minutes\" \/>\n<script type=\"application\/ld+json\" class=\"yoast-schema-graph\">{\"@context\":\"https:\/\/schema.org\",\"@graph\":[{\"@type\":\"WebPage\",\"@id\":\"https:\/\/sunsun.fr\/en\/editions\/les-colonnes-de-san-lorenzo\/\",\"url\":\"https:\/\/sunsun.fr\/en\/editions\/les-colonnes-de-san-lorenzo\/\",\"name\":\"Les colonnes de San Lorenzo - sun\/sun\",\"isPartOf\":{\"@id\":\"https:\/\/dev.webxost.com\/sunsun2\/#website\"},\"primaryImageOfPage\":{\"@id\":\"https:\/\/sunsun.fr\/en\/editions\/les-colonnes-de-san-lorenzo\/#primaryimage\"},\"image\":{\"@id\":\"https:\/\/sunsun.fr\/en\/editions\/les-colonnes-de-san-lorenzo\/#primaryimage\"},\"thumbnailUrl\":\"https:\/\/sunsun.fr\/app\/uploads\/2024\/02\/San_loranzo_600x450.jpg\",\"datePublished\":\"2024-02-02T12:36:13+00:00\",\"dateModified\":\"2025-03-19T02:45:43+00:00\",\"breadcrumb\":{\"@id\":\"https:\/\/sunsun.fr\/en\/editions\/les-colonnes-de-san-lorenzo\/#breadcrumb\"},\"inLanguage\":\"en-US\",\"potentialAction\":[{\"@type\":\"ReadAction\",\"target\":[\"https:\/\/sunsun.fr\/en\/editions\/les-colonnes-de-san-lorenzo\/\"]}]},{\"@type\":\"ImageObject\",\"inLanguage\":\"en-US\",\"@id\":\"https:\/\/sunsun.fr\/en\/editions\/les-colonnes-de-san-lorenzo\/#primaryimage\",\"url\":\"https:\/\/sunsun.fr\/app\/uploads\/2024\/02\/San_loranzo_600x450.jpg\",\"contentUrl\":\"https:\/\/sunsun.fr\/app\/uploads\/2024\/02\/San_loranzo_600x450.jpg\",\"width\":600,\"height\":450},{\"@type\":\"BreadcrumbList\",\"@id\":\"https:\/\/sunsun.fr\/en\/editions\/les-colonnes-de-san-lorenzo\/#breadcrumb\",\"itemListElement\":[{\"@type\":\"ListItem\",\"position\":1,\"name\":\"Home\",\"item\":\"https:\/\/sunsun.fr\/en\/\"},{\"@type\":\"ListItem\",\"position\":2,\"name\":\"\u00e9ditions\",\"item\":\"https:\/\/sunsun.fr\/en\/\"},{\"@type\":\"ListItem\",\"position\":3,\"name\":\"Les colonnes de San Lorenzo\"}]},{\"@type\":\"WebSite\",\"@id\":\"https:\/\/dev.webxost.com\/sunsun2\/#website\",\"url\":\"https:\/\/dev.webxost.com\/sunsun2\/\",\"name\":\"sun\/sun\",\"description\":\"label de cr\u00e9ation \u00e9ditoriale\",\"potentialAction\":[{\"@type\":\"SearchAction\",\"target\":{\"@type\":\"EntryPoint\",\"urlTemplate\":\"https:\/\/dev.webxost.com\/sunsun2\/?s={search_term_string}\"},\"query-input\":{\"@type\":\"PropertyValueSpecification\",\"valueRequired\":true,\"valueName\":\"search_term_string\"}}],\"inLanguage\":\"en-US\"}]}<\/script>\n<!-- \/ Yoast SEO plugin. -->","yoast_head_json":{"title":"Les colonnes de San Lorenzo - sun\/sun","robots":{"index":"index","follow":"follow","max-snippet":"max-snippet:-1","max-image-preview":"max-image-preview:large","max-video-preview":"max-video-preview:-1"},"canonical":"https:\/\/sunsun.fr\/en\/editions\/les-colonnes-de-san-lorenzo\/","og_locale":"en_US","og_type":"article","og_title":"Les colonnes de San Lorenzo - sun\/sun","og_description":"\u201c Au moment de se re\u0301veiller \u2013 on dit parfois : retrouver ses esprits \u2013 tout lui e\u0301tait revenu d\u2019un coup, les pas perdus de ces anne\u0301es passe\u0301es, la volonte\u0301 d\u2019en ralentir l\u2019oubli, le gou\u0302t pour les traces qui s\u2019estompent. Il s\u2019e\u0301tait glisse\u0301 dans l\u2019entreba\u0302illement des colonnes de San Lorenzo et s\u2019y installait, tranquille. C\u2019est [&hellip;]","og_url":"https:\/\/sunsun.fr\/en\/editions\/les-colonnes-de-san-lorenzo\/","og_site_name":"sun\/sun","article_publisher":"https:\/\/www.facebook.com\/icisunsun","article_modified_time":"2025-03-19T02:45:43+00:00","og_image":[{"width":1094,"height":778,"url":"https:\/\/sunsun.fr\/app\/uploads\/2024\/02\/Capture-decran-2023-10-31-a-09.04.07.png","type":"image\/png"}],"twitter_card":"summary_large_image","twitter_misc":{"Est. reading time":"2 minutes"},"schema":{"@context":"https:\/\/schema.org","@graph":[{"@type":"WebPage","@id":"https:\/\/sunsun.fr\/en\/editions\/les-colonnes-de-san-lorenzo\/","url":"https:\/\/sunsun.fr\/en\/editions\/les-colonnes-de-san-lorenzo\/","name":"Les colonnes de San Lorenzo - sun\/sun","isPartOf":{"@id":"https:\/\/dev.webxost.com\/sunsun2\/#website"},"primaryImageOfPage":{"@id":"https:\/\/sunsun.fr\/en\/editions\/les-colonnes-de-san-lorenzo\/#primaryimage"},"image":{"@id":"https:\/\/sunsun.fr\/en\/editions\/les-colonnes-de-san-lorenzo\/#primaryimage"},"thumbnailUrl":"https:\/\/sunsun.fr\/app\/uploads\/2024\/02\/San_loranzo_600x450.jpg","datePublished":"2024-02-02T12:36:13+00:00","dateModified":"2025-03-19T02:45:43+00:00","breadcrumb":{"@id":"https:\/\/sunsun.fr\/en\/editions\/les-colonnes-de-san-lorenzo\/#breadcrumb"},"inLanguage":"en-US","potentialAction":[{"@type":"ReadAction","target":["https:\/\/sunsun.fr\/en\/editions\/les-colonnes-de-san-lorenzo\/"]}]},{"@type":"ImageObject","inLanguage":"en-US","@id":"https:\/\/sunsun.fr\/en\/editions\/les-colonnes-de-san-lorenzo\/#primaryimage","url":"https:\/\/sunsun.fr\/app\/uploads\/2024\/02\/San_loranzo_600x450.jpg","contentUrl":"https:\/\/sunsun.fr\/app\/uploads\/2024\/02\/San_loranzo_600x450.jpg","width":600,"height":450},{"@type":"BreadcrumbList","@id":"https:\/\/sunsun.fr\/en\/editions\/les-colonnes-de-san-lorenzo\/#breadcrumb","itemListElement":[{"@type":"ListItem","position":1,"name":"Home","item":"https:\/\/sunsun.fr\/en\/"},{"@type":"ListItem","position":2,"name":"\u00e9ditions","item":"https:\/\/sunsun.fr\/en\/"},{"@type":"ListItem","position":3,"name":"Les colonnes de San Lorenzo"}]},{"@type":"WebSite","@id":"https:\/\/dev.webxost.com\/sunsun2\/#website","url":"https:\/\/dev.webxost.com\/sunsun2\/","name":"sun\/sun","description":"label de cr\u00e9ation \u00e9ditoriale","potentialAction":[{"@type":"SearchAction","target":{"@type":"EntryPoint","urlTemplate":"https:\/\/dev.webxost.com\/sunsun2\/?s={search_term_string}"},"query-input":{"@type":"PropertyValueSpecification","valueRequired":true,"valueName":"search_term_string"}}],"inLanguage":"en-US"}]}},"_links":{"self":[{"href":"https:\/\/sunsun.fr\/en\/wp-json\/wp\/v2\/product\/2532"}],"collection":[{"href":"https:\/\/sunsun.fr\/en\/wp-json\/wp\/v2\/product"}],"about":[{"href":"https:\/\/sunsun.fr\/en\/wp-json\/wp\/v2\/types\/product"}],"wp:featuredmedia":[{"embeddable":true,"href":"https:\/\/sunsun.fr\/en\/wp-json\/wp\/v2\/media\/2890"}],"wp:attachment":[{"href":"https:\/\/sunsun.fr\/en\/wp-json\/wp\/v2\/media?parent=2532"}],"wp:term":[{"taxonomy":"product_cat","embeddable":true,"href":"https:\/\/sunsun.fr\/en\/wp-json\/wp\/v2\/product_cat?post=2532"},{"taxonomy":"product_tag","embeddable":true,"href":"https:\/\/sunsun.fr\/en\/wp-json\/wp\/v2\/product_tag?post=2532"}],"curies":[{"name":"wp","href":"https:\/\/api.w.org\/{rel}","templated":true}]}}